{"id":467,"date":"2012-07-12T13:56:00","date_gmt":"2012-07-12T11:56:00","guid":{"rendered":"http:\/\/tabanispartacus.wordpress.com\/?page_id=467"},"modified":"2015-05-08T17:22:39","modified_gmt":"2015-05-08T15:22:39","slug":"versenyeink-1982-ben","status":"publish","type":"page","link":"https:\/\/www.tabanispartacus.hu\/tajfuto\/wordpress\/?page_id=467","title":{"rendered":"Versenyeink 1982-ben"},"content":{"rendered":"<p>&nbsp;<\/p>\n<table width=\"100%\" border=\"0\" cellspacing=\"0\" cellpadding=\"10\">\n<tbody>\n<tr>\n<td align=\"center\" valign=\"top\" width=\"100%\">\n<p align=\"CENTER\">1982<\/p>\n<p align=\"CENTER\">Spartacus Kupa<\/p>\n<p align=\"LEFT\">\u00daj \u00e9v, \u00faj rem\u00e9nyek \u00e9s ism\u00e9t a Kev\u00e9lyeken a Spartacus hossz\u00fat\u00e1v\u00fa. Az \u00e9v els\u0151 versenye, legyen az b\u00e1rmilyen szint\u0171 is, mindig nagy jelent\u0151s\u00e9ggel b\u00edr. Vagy legal\u00e1bbis sz\u00e1momra b\u00edr azzal, mert lehet, hogy van akit teljesen hidegen hagy a verseny\u00e9vad kezdete. Nekem \u00e9s m\u00e9g n\u00e9h\u00e1nyunknak, kiknek t\u00e9len a t\u00e1jfut\u00e1st a h\u00f3ban-s\u00e1rban val\u00f3 edz\u00e9s jelenti, eddig m\u00e9g mindig valamivel m\u00e1sabb volt az id\u00e9nynyit\u00f3ra val\u00f3 k\u00e9sz\u00fcl\u0151d\u00e9s a megszokottn\u00e1l. \/N\u00e9ha ebben az is k\u00f6zrej\u00e1tszott, hogy a szakoszt\u00e1ly nem kapott versenyki\u00edr\u00e1st.\/ A t\u00e9li sz\u00fcnet ut\u00e1n \u00fajra tal\u00e1lkozunk bar\u00e1tokkal, ismer\u0151s\u00f6kkel. K\u00edv\u00e1ncsian figyelj\u00fck az eredm\u00e9nyeket, h\u00e1tha valaki \u0151r\u00fclt kem\u00e9ny alapoz\u00e1s ut\u00e1n kiugrik \u00e9s t\u00f6nkreveri az eg\u00e9sz mez\u0151nyt. B\u00f6ng\u00e9szgetj\u00fck a rajtlist\u00e1t \/ha van\/ ki hol indul, ez mi\u00e9rt nincs itt, az mi\u00e9rt \u0084B\u0094-ben megy. Sz\u00f3val m\u00e1s ez a verseny, mint a t\u00f6bbi.<br \/>\nDe milyen is volt az 1982-es Spartacus hossz\u00fat\u00e1v\u00fa?<br \/>\nA feln\u0151tt f\u00e9rfiak 20 km-es p\u00e1ly\u00e1n 32 pontot fogtak meg, a szint rengeteg volt. \/A fel\u00e9n\u00e9l abbahagytam a sz\u00e1ml\u00e1lgat\u00e1st, mert k\u00e1pr\u00e1zott a szemem\/ A p\u00e1lya nagyon kem\u00e9ny volt, ezt a sok felad\u00e1s is bizony\u00edtja, meg a gy\u0151ztes ideje. Sz\u00e1momra m\u00e9g egy szubjekt\u00edv jelz\u0151rendszer is szolg\u00e1lt adatokkal: mikor el\u0151sz\u00f6r g\u00f6rcs\u00f6lt be a l\u00e1bam, m\u00e9g csak kem\u00e9nynek \u00edt\u00e9ltem a p\u00e1ly\u00e1t, a harmadik g\u00f6rcs ut\u00e1n m\u00e1r ki\u00e9rdemelte a nagyon kem\u00e9ny jelz\u0151t.<\/p>\n<p align=\"JUSTIFY\">A p\u00e1lyakit\u0171z\u00e9s sz\u00ednvonalas volt, hiszen szakfel\u00fcgyel\u0151nkt\u0151l az ellenkez\u0151je lett volna meglepet\u00e9s. A pontok elhelyez\u00e9se korrekt, tal\u00e1n csak egy-k\u00e9t pont terhel\u00e9s\u00e9vel volt baj. Akadt olyan, melyre rajokban h\u00faztak a k\u00fcl\u00f6nb\u00f6z\u0151 kateg\u00f3ri\u00e1k versenyz\u0151i. A f\u00e9rfiakn\u00e1l Gyurk\u00f3 L\u00e1szl\u00f3 \/K\u0151b\u00e1nyai Lombik\/ gy\u0151z\u00f6tt 149 perccel, Dosek \u00c1goston \/DVTK\/ 152 perc, dr. Kov\u00e1cs L\u00e1szl\u00f3 \/PVSK, 154 perc\/ el\u0151tt. Ez az eredm\u00e9ny elgondolkodtat\u00f3. Nem hiszem, hogy a verseny el\u0151tti napokban valaki ilyen eredm\u00e9nyre tippelt volna. Az els\u0151 hatba csak k\u00e9t v\u00e1logatott \u0096 Dosek \u00e9s Szab\u00f3 \u0096 ker\u00fclt. A t\u00f6bbiek \/Bokros \u00e9s Kiss nem indult\/ halv\u00e1nyabban szerepeltek. A 42. \u00e9v\u00e9ben j\u00e1r\u00f3 dr. Kov\u00e1cs 3. helye \/b\u00e1r \u0151 eddig is j\u00f3l szerepelt a hossz\u00fat\u00e1v\u00fakon\/ kiemelked\u0151 eredm\u00e9ny. S r\u00e1ad\u00e1sul \u00fajabb adal\u00e9k a hossz\u00fat\u00e1vfut\u00e1s kortalans\u00e1g\u00e1nak bizony\u00edt\u00e1s\u00e1hoz. Nem kell f\u00e9lni az \u00e9vekt\u0151l, csak futni kell, megfelel\u0151 m\u00f3dszerrel edzeni.<br \/>\nA n\u0151i hossz\u00fat\u00e1v\u00fa p\u00e1ly\u00e1k egy norm\u00e1l f\u00e9rfi p\u00e1ly\u00e1nak feleltek meg. A l\u00e1nyokn\u00e1l Cs\u0151k\u00f6r Ir\u00e9n \/Post\u00e1s\/ nyert 102 perccel, 8 perccel megel\u0151zve a 2. helyezett Kiss Gabit \/Sab\u00e1ria\/ \u00e9s 14 perccel a 3. helyen v\u00e9gz\u0151 Kalot \/DVTK\/. Ha a f\u00e9rfi eredm\u00e9nyek elgondolkodtat\u00f3ak, ez a f\u00f6l\u00e9nyes gy\u0151zelem m\u00e9gink\u00e1bb az. A felk\u00e9sz\u00fcl\u00e9si lehet\u0151s\u00e9gek ismeret\u00e9ben m\u00e1r egy kicsit re\u00e1lisnak t\u0171nik az eredm\u00e9ny, de \u00edgy is hi\u00e1nyzik egy-k\u00e9t n\u00e9v az \u00e9lmez\u0151nyb\u0151l.<br \/>\nKiv\u00e1ncsian v\u00e1rom a Hossz\u00fat\u00e1v\u00fa OB-t, hogy s\u00edkon milyen eredm\u00e9nyek sz\u00fcletnek majd. Mennyiben fog vajon v\u00e1ltozni ez a t\u00fal sokat az\u00e9rt nem jelent\u0151 sorrend.<br \/>\nA l\u00e1nyokn\u00e1l az els\u0151 \u00f6t helyen v\u00e1logatottak v\u00e9geztek. S\u0151t, tal\u00e1n a 6. helyezett K\u00e1rm\u00e1nt is idesorolhatjuk, annak ellen\u00e9re, hogy jelenleg nem kerettag, \u00f6rvendetes Kiss Gabi j\u00f3 szerepl\u00e9se, \u00fagy t\u0171nik j\u00f3 alapokkal indul az \u00e9vnek. Ha ezt a lend\u00fcletet siker\u00fcl fokozni, tal\u00e1n n\u00e9h\u00e1ny \u00e9ven bel\u00fcl komolyabb nemzetk\u00f6zi eredm\u00e9nyekkel is meg\u00f6rvendezteti a magyar t\u00e1jfut\u00f3kat. B\u00edzzunk benne, hogy a munka \u00e9s a tehets\u00e9g \u00edg\u00e9rete gy\u00fcm\u00f6lcs\u00f6zni fog.<\/p>\n<p align=\"LEFT\">Visszat\u00e9rve a versenyre, hi\u00e1nyoltam a versenyk\u00f6zpontban a p\u00e1lyaadatok megad\u00e1s\u00e1t \/VSZ 9.35\/. Sz\u00f3 sem esett szem\u00e9lyi friss\u00edt\u0151 lead\u00e1s\u00e1r\u00f3l \/vagy csak \u00e9n nem tudtam r\u00f3la?\/ Pedig friss\u00edt\u0151pont eset\u00e9n err\u0151l nem szabad megfeledkezni \/VSZ. 10.2.4.\/<br \/>\nAz eredm\u00e9nyhirdet\u00e9s gyorsnak t\u0171nt. Nem \u00e1rtott volna legal\u00e1bb az ott jelenl\u00e9v\u0151knek sz\u00f3lni, hogy vegy\u00e9k \u00e1t a d\u00edjaikat, ne ut\u00f3lag nyomjuk a kez\u00fckbe. Valahogy a verseny k\u00f6r\u00edt\u00e9s szervezetlennek t\u0171nt. B\u00e1r ez nem Spartacus saj\u00e1toss\u00e1g csak, de a versenyeiken s\u0171r\u0171bben lehet ilyen probl\u00e9m\u00e1t tapasztalni. A kisebb-nagyobb z\u00f6kken\u0151k ellen\u00e9re minden kateg\u00f3ri\u00e1ban j\u00f3 p\u00e1ly\u00e1kon kezd\u0151d\u00f6tt az \u00e9vad.<br \/>\nRem\u00e9lem ez a kisebb, ez id\u0151ben rendezett versenyeken is \u00edgy volt. Ha igen, csak fokozni kell az iramot \u00e9s \u00e9v v\u00e9g\u00e9n csupa j\u00f3 versenyr\u0151l sz\u00e1molhatunk be.<br \/>\nV\u00e9kony Andor<\/p>\n<p align=\"RIGHT\">TF 1982\/3<\/p>\n<p><strong><a href=\"http:\/\/www.tabanispartacus.hu\/tajfuto\/wordpress\/?page_id=34\">Vissza a Spari kup\u00e1k kezd\u0151oldal\u00e1ra<\/a><\/strong><\/td>\n<\/tr>\n<\/tbody>\n<\/table>\n","protected":false},"excerpt":{"rendered":"<p>&nbsp; 1982 Spartacus Kupa \u00daj \u00e9v, \u00faj rem\u00e9nyek \u00e9s ism\u00e9t a Kev\u00e9lyeken a Spartacus hossz\u00fat\u00e1v\u00fa. Az \u00e9v els\u0151 versenye, legyen az b\u00e1rmilyen szint\u0171 is, mindig nagy jelent\u0151s\u00e9ggel b\u00edr. Vagy legal\u00e1bbis sz\u00e1momra b\u00edr azzal, mert lehet, hogy van akit teljesen hidegen hagy a verseny\u00e9vad kezdete. Nekem \u00e9s m\u00e9g n\u00e9h\u00e1nyunknak, kiknek t\u00e9len a t\u00e1jfut\u00e1st a h\u00f3ban-s\u00e1rban val\u00f3 &hellip; <a href=\"https:\/\/www.tabanispartacus.hu\/tajfuto\/wordpress\/?page_id=467\" class=\"more-link\"><span class=\"screen-reader-text\">Versenyeink 1982-ben<\/span> olvas\u00e1s\u00e1nak folytat\u00e1sa <span class=\"meta-nav\">&rarr;<\/span><\/a><\/p>\n","protected":false},"author":1,"featured_media":0,"parent":34,"menu_order":0,"comment_status":"closed","ping_status":"closed","template":"","meta":{"ngg_post_thumbnail":0},"_links":{"self":[{"href":"https:\/\/www.tabanispartacus.hu\/tajfuto\/wordpress\/index.php?rest_route=\/wp\/v2\/pages\/467"}],"collection":[{"href":"https:\/\/www.tabanispartacus.hu\/tajfuto\/wordpress\/index.php?rest_route=\/wp\/v2\/pages"}],"about":[{"href":"https:\/\/www.tabanispartacus.hu\/tajfuto\/wordpress\/index.php?rest_route=\/wp\/v2\/types\/page"}],"author":[{"embeddable":true,"href":"https:\/\/www.tabanispartacus.hu\/tajfuto\/wordpress\/index.php?rest_route=\/wp\/v2\/users\/1"}],"replies":[{"embeddable":true,"href":"https:\/\/www.tabanispartacus.hu\/tajfuto\/wordpress\/index.php?rest_route=%2Fwp%2Fv2%2Fcomments&post=467"}],"version-history":[{"count":1,"href":"https:\/\/www.tabanispartacus.hu\/tajfuto\/wordpress\/index.php?rest_route=\/wp\/v2\/pages\/467\/revisions"}],"predecessor-version":[{"id":2454,"href":"https:\/\/www.tabanispartacus.hu\/tajfuto\/wordpress\/index.php?rest_route=\/wp\/v2\/pages\/467\/revisions\/2454"}],"up":[{"embeddable":true,"href":"https:\/\/www.tabanispartacus.hu\/tajfuto\/wordpress\/index.php?rest_route=\/wp\/v2\/pages\/34"}],"wp:attachment":[{"href":"https:\/\/www.tabanispartacus.hu\/tajfuto\/wordpress\/index.php?rest_route=%2Fwp%2Fv2%2Fmedia&parent=467"}],"curies":[{"name":"wp","href":"https:\/\/api.w.org\/{rel}","templated":true}]}}