{"id":1596,"date":"2013-06-20T18:39:20","date_gmt":"2013-06-20T16:39:20","guid":{"rendered":"http:\/\/www.tabanispartacus.hu\/tajfuto\/wordpress\/?page_id=1596"},"modified":"2013-06-21T11:32:22","modified_gmt":"2013-06-21T09:32:22","slug":"eob-2013","status":"publish","type":"page","link":"https:\/\/www.tabanispartacus.hu\/tajfuto\/wordpress\/?page_id=1596","title":{"rendered":"\u00c9OB &#8211; 2013"},"content":{"rendered":"<p><span style=\"color: #333333; font-family: Georgia, 'Times New Roman', 'Bitstream Charter', Times, serif;\">J\u00fanius 8.-\u00e1n el\u00e9rkezett az \u00e9v m\u00e1sodik orsz\u00e1gos bajnoks\u00e1ga (b\u00e1r sokaknak \u00e1tl\u00f3gott 9.-\u00e9re is), az \u00e9jszakai OB. A helysz\u00edn a m\u00e1r sokak \u00e1ltal j\u00f3l ismert v\u00edzf\u0151i terep.<\/span><\/p>\n<p><span style=\"color: #333333; font-family: Georgia, 'Times New Roman', 'Bitstream Charter', Times, serif;\">Ez\u00fattal csak egy Sparis szemsz\u00f6gb\u0151l kisebb, 24 f\u0151s, csapattal vett\u00fcnk r\u00e9szt a versenyen, de \u00e9jszakai versenyekn\u00e9l ez \u00e1ltal\u00e1ban \u00edgy szokott lenni. A versenyk\u00f6zpontot egy viszonylag kis ter\u00fcletre zs\u00fafolt\u00e1k be, de mivel kihelyezett c\u00e9l volt, \u00edgy ebb\u0151l nem volt probl\u00e9ma. Az els\u0151 versenyz\u0151k m\u00e1r 22 \u00f3rakor elindultak, de volt aki csak nem sokkal \u00e9jf\u00e9l el\u0151tt v\u00e1gott neki a p\u00e1ly\u00e1nak (S\u00fcti szem\u00e9ly\u00e9ben). A t\u00e9rk\u00e9pre szerintem nem lehetett panaszunk, \u00e9s a p\u00e1ly\u00e1k sem voltak rosszak. A terepen nem volt k\u00f6nny\u0171 a t\u00e1j\u00e9koz\u00f3d\u00e1s, mivel a pontok 90%-a g\u00f6dr\u00f6k alj\u00e1ra volt kit\u0171zve, \u00e9s n\u00e9hol egy kis boz\u00f3t is bonyol\u00edtotta a halad\u00e1st.Emellett sokan tal\u00e1ltak ugyanolyan k\u00f3d\u00fa stekkeket a pontjukkal szomsz\u00e9dos g\u00f6d\u00f6rben, mint az \u00f6v\u00e9j\u00fck, de tudtommal egy pont sem ker\u00fclt rossz helyre. Az id\u0151vel is szerencs\u00e9nk volt, b\u00e1r az legt\u00f6bb \u00fat j\u00f3 saras volt, friss es\u0151t nem kaptunk a nyakunkba. A rendez\u00e9s teljes m\u00e9rt\u00e9kben z\u00f6kken\u0151mentes volt. A vadakat is elkergethett\u00e9k a rendez\u0151k, legal\u00e1bbis m\u00e9g Hanga sem tal\u00e1lkozott vel\u00fck, aki eddig majdnem minden \u00e9jszakain megtal\u00e1lta \u0151ket&#8230; Egyetlen negat\u00edvumk\u00e9nt tal\u00e1n a speaker-t tudn\u00e1m eml\u00edteni, akir\u0151l meg nem mondtam volna, hogy valaha r\u00e9szt vett m\u00e1r t\u00e1jfut\u00f3 versenyen (de legal\u00e1bb lelkes volt&#8230;). Az eredm\u00e9nyhirdet\u00e9st nem sokkal 2 \u00f3ra ut\u00e1n megtartott\u00e1k, 3-kor m\u00e1r mindenki \u00faton volt hazafel\u00e9 \u00e9s f\u00e9l 7-kor m\u00e1r \u00e9n is haza\u00e9rtem&#8230;.<\/span><\/p>\n<p><span style=\"color: #333333; font-family: Georgia, 'Times New Roman', 'Bitstream Charter', Times, serif;\">Az eredm\u00e9nyeket tekintve az elv\u00e1r\u00e1sok alatt maradtunk, de \u00edgy is volt k\u00e9t dobog\u00f3s helyez\u00e9s\u00fcnk: Hajdu Sz\u00e1sa a helyi er\u0151ket maga m\u00f6g\u00e9 utas\u00edtva megnyerte az F18-as kateg\u00f3ri\u00e1t, Kinde Vanda pedig bronz\u00e9rmes lett az N20-as kateg\u00f3ri\u00e1ban. Ezen k\u00edv\u00fcl pontszerz\u0151 lett m\u00e9g Zacher Marci, Egei Patrik, Bak\u00f3 \u00c1ron \u00e9s K\u00e1rolyi Hanga. Rajtuk k\u00edv\u00fcl is mindenki v\u00e9gigtal\u00e1lt a p\u00e1ly\u00e1n, \u00e9s ez\u00fattal l\u00e1mp\u00e1kkal sem volt probl\u00e9ma.<\/span><\/p>\n<p>Lengyel \u00c1d\u00e1m<\/p>\n<p><img src=\"\/tajfuto\/velunktortent\/2013\/eob\/eOB_beszamolo_html_1db279bb.jpg\" width=\"640\" \/><br \/>\n<img src=\"\/tajfuto\/velunktortent\/2013\/eob\/eOB_beszamolo_html_4f0dfd26.jpg\" width=\"640\" \/><\/p>\n","protected":false},"excerpt":{"rendered":"<p>J\u00fanius 8.-\u00e1n el\u00e9rkezett az \u00e9v m\u00e1sodik orsz\u00e1gos bajnoks\u00e1ga (b\u00e1r sokaknak \u00e1tl\u00f3gott 9.-\u00e9re is), az \u00e9jszakai OB. A helysz\u00edn a m\u00e1r sokak \u00e1ltal j\u00f3l ismert v\u00edzf\u0151i terep. Ez\u00fattal csak egy Sparis szemsz\u00f6gb\u0151l kisebb, 24 f\u0151s, csapattal vett\u00fcnk r\u00e9szt a versenyen, de \u00e9jszakai versenyekn\u00e9l ez \u00e1ltal\u00e1ban \u00edgy szokott lenni. A versenyk\u00f6zpontot egy viszonylag kis ter\u00fcletre zs\u00fafolt\u00e1k be, &hellip; <a href=\"https:\/\/www.tabanispartacus.hu\/tajfuto\/wordpress\/?page_id=1596\" class=\"more-link\"><span class=\"screen-reader-text\">\u00c9OB &#8211; 2013<\/span> olvas\u00e1s\u00e1nak folytat\u00e1sa <span class=\"meta-nav\">&rarr;<\/span><\/a><\/p>\n","protected":false},"author":1,"featured_media":0,"parent":0,"menu_order":0,"comment_status":"closed","ping_status":"closed","template":"","meta":{"ngg_post_thumbnail":0},"_links":{"self":[{"href":"https:\/\/www.tabanispartacus.hu\/tajfuto\/wordpress\/index.php?rest_route=\/wp\/v2\/pages\/1596"}],"collection":[{"href":"https:\/\/www.tabanispartacus.hu\/tajfuto\/wordpress\/index.php?rest_route=\/wp\/v2\/pages"}],"about":[{"href":"https:\/\/www.tabanispartacus.hu\/tajfuto\/wordpress\/index.php?rest_route=\/wp\/v2\/types\/page"}],"author":[{"embeddable":true,"href":"https:\/\/www.tabanispartacus.hu\/tajfuto\/wordpress\/index.php?rest_route=\/wp\/v2\/users\/1"}],"replies":[{"embeddable":true,"href":"https:\/\/www.tabanispartacus.hu\/tajfuto\/wordpress\/index.php?rest_route=%2Fwp%2Fv2%2Fcomments&post=1596"}],"version-history":[{"count":6,"href":"https:\/\/www.tabanispartacus.hu\/tajfuto\/wordpress\/index.php?rest_route=\/wp\/v2\/pages\/1596\/revisions"}],"predecessor-version":[{"id":1602,"href":"https:\/\/www.tabanispartacus.hu\/tajfuto\/wordpress\/index.php?rest_route=\/wp\/v2\/pages\/1596\/revisions\/1602"}],"wp:attachment":[{"href":"https:\/\/www.tabanispartacus.hu\/tajfuto\/wordpress\/index.php?rest_route=%2Fwp%2Fv2%2Fmedia&parent=1596"}],"curies":[{"name":"wp","href":"https:\/\/api.w.org\/{rel}","templated":true}]}}